{"id":550,"date":"2023-04-11T23:52:27","date_gmt":"2023-04-11T23:52:27","guid":{"rendered":"https:\/\/glasswing.org\/es\/?p=550"},"modified":"2023-05-17T22:51:11","modified_gmt":"2023-05-17T22:51:11","slug":"jose","status":"publish","type":"faces_of_glasswing","link":"https:\/\/glasswing.org\/es\/faces_of_glasswing\/jose\/","title":{"rendered":"Jos\u00e9"},"content":{"rendered":"\n<p>Mi nombre es Jose, tengo 17 a\u00f1os y estoy en primer a\u00f1o de bachillerato con un diplomado en&nbsp;&nbsp;hoteler\u00eda y turismo en un centro escolar p\u00fablico cerca del centro de San Salvador. He estado un a\u00f1o y seis meses participando en los programas de Glasswing. En el 2020, me inscrib\u00ed en el programa de J\u00f3venes Constructores y actualmente estoy en el Club Financiero; adem\u00e1s,hago voluntariado en el programa Creando Profesionales.<\/p>\n\n\n\n<p>Yo vivo en una comunidad que es muy conocida como zona roja, ah\u00ed nac\u00ed y he crecido viendo cosas que, a veces, no se pueden creer. He visto c\u00f3mo los j\u00f3venes de mi comunidad se pierden por los grupos il\u00edcitos, ventas de drogas u otros. Tambi\u00e9n me ha tocado vivir maltratos de parte de las autoridades, ya que piensan que yo soy igual que los dem\u00e1s j\u00f3venes de la comunidad, esto lleg\u00f3 tan lejos que un d\u00eda me llevaron preso injustamente&nbsp;&nbsp;por algo que yo no hab\u00eda hecho. Los traumas y las dificultades que me dej\u00f3 esta experiencia han afectado a mi crecimiento y socializaci\u00f3n. Adem\u00e1s, la situaci\u00f3n m\u00e1s fuerte que he pasado en temas familiares fue la muerte de mi pap\u00e1, porque yo viv\u00eda solo con \u00e9l.<\/p>\n\n\n\n<p>En todos estos retos, he contado con el apoyo de los programas, donde me han dado&nbsp;&nbsp;la oportunidad de sacar un diplomado en emprendimiento, me han ayudado a desarrollar mejor mis habilidades y a poder tener m\u00e1s oportunidades. Ahora, tambi\u00e9n cuento con un emprendimiento ya montado, mi panader\u00eda. Esta fue herencia de mi pap\u00e1 y no sab\u00eda c\u00f3mo desarrollarla, pero en el Club Financiero y en J\u00f3venes Constructores he encontrado el apoyo para salir adelante.<\/p>\n\n\n\n<p><em>Ahora, tambi\u00e9n cuento con un emprendimiento ya montado, mi panader\u00eda. Esta fue herencia de mi pap\u00e1 y no sab\u00eda c\u00f3mo desarrollarla, pero en el Club Financiero y en J\u00f3venes Constructores he encontrado el apoyo para salir adelante.<\/em><\/p>\n\n\n\n<p>Sin embargo, lo m\u00e1s importante ha sido el apoyo emocional. Ac\u00e1 me ayudaron a desenvolverme m\u00e1s con la gente, a ser m\u00e1s sociable, tambi\u00e9n me ense\u00f1aron valores, habilidades como la resiliencia y el servicio a la comunidad. Gracias a los programas, he podido salir adelante y hoy soy otra persona totalmente diferente, con metas, autoestima y motivaci\u00f3n.<\/p>\n","protected":false},"excerpt":{"rendered":"<p>Mi nombre es Jose, tengo 17 a\u00f1os y estoy en primer a\u00f1o de bachillerato con un diplomado en&nbsp;&nbsp;hoteler\u00eda y turismo en un centro escolar p\u00fablico cerca del centro de San Salvador. He estado un a\u00f1o y seis meses participando en los programas de Glasswing. En el 2020, me inscrib\u00ed en el programa de J\u00f3venes Constructores [&hellip;]<\/p>\n","protected":false},"featured_media":551,"template":"","meta":{"_acf_changed":false},"categories":[20],"tags":[],"class_list":["post-550","faces_of_glasswing","type-faces_of_glasswing","status-publish","has-post-thumbnail","hentry","category-faces-of-glasswing"],"acf":[],"_links":{"self":[{"href":"https:\/\/glasswing.org\/es\/wp-json\/wp\/v2\/faces_of_glasswing\/550","targetHints":{"allow":["GET"]}}],"collection":[{"href":"https:\/\/glasswing.org\/es\/wp-json\/wp\/v2\/faces_of_glasswing"}],"about":[{"href":"https:\/\/glasswing.org\/es\/wp-json\/wp\/v2\/types\/faces_of_glasswing"}],"wp:featuredmedia":[{"embeddable":true,"href":"https:\/\/glasswing.org\/es\/wp-json\/wp\/v2\/media\/551"}],"wp:attachment":[{"href":"https:\/\/glasswing.org\/es\/wp-json\/wp\/v2\/media?parent=550"}],"wp:term":[{"taxonomy":"category","embeddable":true,"href":"https:\/\/glasswing.org\/es\/wp-json\/wp\/v2\/categories?post=550"},{"taxonomy":"post_tag","embeddable":true,"href":"https:\/\/glasswing.org\/es\/wp-json\/wp\/v2\/tags?post=550"}],"curies":[{"name":"wp","href":"https:\/\/api.w.org\/{rel}","templated":true}]}}